{"id":11415,"date":"2017-10-24T09:44:33","date_gmt":"2017-10-24T11:44:33","guid":{"rendered":"http:\/\/blog.cancaonova.com\/amigosdoceu\/tamanhos-de-imagem\/"},"modified":"2025-11-26T21:41:42","modified_gmt":"2025-11-26T23:41:42","slug":"tamanhos-de-imagem","status":"publish","type":"page","link":"https:\/\/blog.cancaonova.com\/amigosdoceu\/tamanhos-de-imagem\/","title":{"rendered":"SOBRE A AUTORA"},"content":{"rendered":"<p><a href=\"http:\/\/blog.cancaonova.com\/amigosdoceu\/files\/2011\/01\/recado-da-tia-adelita-rosa.png\"><img loading=\"lazy\" decoding=\"async\" class=\"size-medium wp-image-2500 alignright\" src=\"http:\/\/blog.cancaonova.com\/amigosdoceu\/files\/2011\/01\/recado-da-tia-adelita-rosa-292x300.png\" alt=\"\" width=\"179\" height=\"184\" \/><\/a><\/p>\n<h4 style=\"text-align: justify;\"><strong><span style=\"font-family: Arial,sans-serif;\">\u00a0<\/span><\/strong><\/h4>\n<h2 style=\"text-align: justify;\"><span style=\"font-family: Arial,sans-serif;\"><a href=\"http:\/\/blog.cancaonova.com\/amigosdoceu\/files\/2012\/06\/eu-menina.jpeg\"><img loading=\"lazy\" decoding=\"async\" class=\"alignleft size-full wp-image-9599\" src=\"http:\/\/blog.cancaonova.com\/amigosdoceu\/files\/2012\/06\/eu-menina.jpeg\" alt=\"\" width=\"224\" height=\"341\" srcset=\"https:\/\/blog.cancaonova.com\/amigosdoceu\/files\/2012\/06\/eu-menina.jpeg 473w, https:\/\/blog.cancaonova.com\/amigosdoceu\/files\/2012\/06\/eu-menina-197x300.jpg 197w\" sizes=\"(max-width: 224px) 100vw, 224px\" \/><\/a><strong>A<\/strong>delita Maria Rozetti Frulane, nasceu em Guarapuava, no estado do Paran\u00e1.\u00a0 Formou-se em magist\u00e9rio e em hist\u00f3ria na FAFIG, Faculdade de Filosofia, Ci\u00eancias e Letras de sua cidade. <\/span><\/h2>\n<h2 style=\"text-align: justify;\"><span style=\"font-family: Arial,sans-serif;\">Trabalhou inicialmente como professora. Uma das experi\u00eancias mais marcantes de sua vida, foi lecionar na Escola Hildegard Burjan, patrocinada pelas irm\u00e3s Caritas, com crian\u00e7as em situa\u00e7\u00e3o de risco, a maioria moradores da zona de prostitui\u00e7\u00e3o, num dos bairros mais pobres de sua cidade. <\/span><\/h2>\n<h2 style=\"text-align: justify;\"><span style=\"font-family: Arial,sans-serif;\"> <a href=\"http:\/\/blog.cancaonova.com\/amigosdoceu\/files\/2012\/06\/530914_3672204932221_599147171_n.jpg\"><img loading=\"lazy\" decoding=\"async\" class=\"size-full wp-image-9600 alignright\" src=\"http:\/\/blog.cancaonova.com\/amigosdoceu\/files\/2012\/06\/530914_3672204932221_599147171_n.jpg\" alt=\"\" width=\"174\" height=\"283\" \/><\/a>Trabalhou durante 5 anos na Casa Municipal da Cultura, desenvolvendo projetos ligados ao p\u00fablico Infantil, como ruas de lazer, hora do conto na Biblioteca Municipal e Teatro Infantil, cujo grupo recebeu a premia\u00e7\u00e3o de melhor pe\u00e7a Infantil, com \u201cO Pirata da M\u00e3o de Lata\u201d no festival de Teatro da FAFIG, atual\u00a0 Universidade Estadual do Centro Oeste do Paran\u00e1,<\/span><span style=\"font-family: Arial,sans-serif;\"> em 1989.<\/span><\/h2>\n<h3 style=\"text-align: justify;\"><span style=\"font-family: Arial,sans-serif;\"><span style=\"font-size: medium;\">Quanto a caminhada na Igreja, desde o Crisma esteve engajada, coordenado o coral infantil da Matriz Santa Teresinha, aos 12 anos, ingressando, aos 14 anos no juniorato das Irm\u00e3s Servas do Esp\u00edrito Santo para um discernimento vocacional, onde permaneceu por um ano e 4 meses. Ingressou aos 16 anos no grupo de jovens J.U.C.A. (Jovens Unidos da Catedral), at\u00e9 os 19 anos, quando come\u00e7ou a participar do grupo de Jovens da RCC, onde formou e dirigiu o Grupo de Teatro.<span style=\"font-family: Arial,sans-serif;\"><span style=\"font-size: medium;\"><img loading=\"lazy\" decoding=\"async\" class=\"aligncenter wp-image-10863 \" src=\"http:\/\/blog.cancaonova.com\/amigosdoceu\/files\/2012\/06\/formacao_940x350-destaque4-600x300.jpg\" alt=\"formacao_940x350-destaque4\" width=\"278\" height=\"139\" srcset=\"https:\/\/blog.cancaonova.com\/amigosdoceu\/files\/2012\/06\/formacao_940x350-destaque4-600x300.jpg 600w, https:\/\/blog.cancaonova.com\/amigosdoceu\/files\/2012\/06\/formacao_940x350-destaque4-300x150.jpg 300w, https:\/\/blog.cancaonova.com\/amigosdoceu\/files\/2012\/06\/formacao_940x350-destaque4-150x75.jpg 150w\" sizes=\"(max-width: 278px) 100vw, 278px\" \/><\/span><\/span><\/span><\/span><\/h3>\n<h2 style=\"text-align: justify;\"><span style=\"font-family: Arial,sans-serif;\"> <a href=\"http:\/\/blog.cancaonova.com\/amigosdoceu\/files\/2012\/08\/tia-adelita-e-pine.png\"><img loading=\"lazy\" decoding=\"async\" class=\"alignright wp-image-6380\" src=\"http:\/\/blog.cancaonova.com\/amigosdoceu\/files\/2012\/08\/tia-adelita-e-pine.png\" alt=\"tia-adelita-e-pine\" width=\"129\" height=\"217\" srcset=\"https:\/\/blog.cancaonova.com\/amigosdoceu\/files\/2012\/08\/tia-adelita-e-pine.png 327w, https:\/\/blog.cancaonova.com\/amigosdoceu\/files\/2012\/08\/tia-adelita-e-pine-178x300.png 178w\" sizes=\"(max-width: 129px) 100vw, 129px\" \/><\/a>Como locutora do programa infantil Cantinho da Crian\u00e7a da R\u00e1dio Can\u00e7\u00e3o Nova de Cachoeira Paulista, recebeu o premio \u201cMicrofone de Prata da CNBB\u201d como o melhor programa das r\u00e1dios cat\u00f3licas em 1993. <\/span><\/h2>\n<h2 style=\"text-align: justify;\"><span style=\"font-family: Arial,sans-serif;\">Neste mesmo ano participou do Curso Comunica\u00e7\u00e3o para Pastoral, promovido pelo CELAM, Centro Episcopal Latino Americano, com a dura\u00e7\u00e3o de 5 meses, na Pontif\u00edcia Universidade Javeriana da Col\u00f4mbia.<br \/>\n<\/span><\/h2>\n<h2 style=\"text-align: justify;\"><span style=\"font-family: Arial,sans-serif;\"> <a href=\"http:\/\/blog.cancaonova.com\/amigosdoceu\/files\/2012\/06\/1304504464_390d616b60.jpg\"><img loading=\"lazy\" decoding=\"async\" class=\"alignleft wp-image-10862\" src=\"http:\/\/blog.cancaonova.com\/amigosdoceu\/files\/2012\/06\/1304504464_390d616b60.jpg\" alt=\"1304504464_390d616b60\" width=\"171\" height=\"228\" srcset=\"https:\/\/blog.cancaonova.com\/amigosdoceu\/files\/2012\/06\/1304504464_390d616b60.jpg 375w, https:\/\/blog.cancaonova.com\/amigosdoceu\/files\/2012\/06\/1304504464_390d616b60-225x300.jpg 225w, https:\/\/blog.cancaonova.com\/amigosdoceu\/files\/2012\/06\/1304504464_390d616b60-150x200.jpg 150w\" sizes=\"(max-width: 171px) 100vw, 171px\" \/><\/a>Em 1995, criou o Programa Infantil para a TV Can\u00e7\u00e3o Nova onde, por 13 anos, apresentou um quadro contando e desenhando hist\u00f3rias educativas. e da vida dos santos. Neste tempo produziu os CDs infantis, Cantinho da Crian\u00e7a 1 e 2. <\/span><\/h2>\n<h2 style=\"text-align: justify;\"><span style=\"font-family: Arial,sans-serif;\">Roteirizou as series para marionetes \u201cO Pequeno Gigante\u201d e \u201cOs 3 Pastorinhos\u201d, superprodu\u00e7\u00f5es de muito sucesso na TV Can\u00e7\u00e3o Nova. <\/span><\/h2>\n<h2 style=\"text-align: justify;\"><span style=\"font-family: Arial,sans-serif;\">Participou da equipe de dramaturgia da TV CN que realizou o drama \u201cNatal Solid\u00e1rio\u201d em 2004, ganhador do Pr\u00eamio \u201cClara de Assis\u201d de Dramaturgia pela CNBB. <\/span><\/h2>\n<h2 style=\"text-align: justify;\"><a href=\"..\/files\/2010\/02\/adelita-2.png\"><img loading=\"lazy\" decoding=\"async\" class=\"alignright\" src=\"..\/files\/2010\/02\/adelita-2.png\" alt=\"\" width=\"216\" height=\"143\" \/><\/a><\/h2>\n<h2 style=\"text-align: justify;\"><span style=\"font-family: Arial,sans-serif;\">Participou da equipe de cria\u00e7\u00e3o e desenvolvimento dos filmes publicit\u00e1rios para as Campanhas da Fraternidade da CNBB dos anos de 2002 \u201cFraternidade e Povos Ind\u00edgenas\u201d e a de 2003 \u201cFraternidade e Pessoas Idosas\u201d. <\/span><\/h2>\n<h2 style=\"text-align: justify;\"><span style=\"font-family: Arial,sans-serif;\"> Entre 2003 e 2004 participou da equipe de cria\u00e7\u00e3o de vinhetas, institucionais na Ag\u00eancia de Publicidade da TV Can\u00e7\u00e3o Nova. <\/span><\/h2>\n<h2 style=\"text-align: justify;\"><a href=\"http:\/\/blog.cancaonova.com\/amigosdoceu\/files\/2010\/10\/dsc_2866.jpg\"><img loading=\"lazy\" decoding=\"async\" class=\"size-full wp-image-2333 alignright\" src=\"http:\/\/blog.cancaonova.com\/amigosdoceu\/files\/2010\/10\/dsc_2866.jpg\" alt=\"\" width=\"207\" height=\"133\" \/><\/a><span style=\"font-family: Arial,sans-serif;\">E entre 2005 e 2006, foi respons\u00e1vel pela dire\u00e7\u00e3o de arte e cria\u00e7\u00e3o do Setor de Livros Infantis da Editora Can\u00e7\u00e3o Nova, sendo nesse per\u00edodo coautora da \u201cA B\u00edblia para Crian\u00e7as\u201d e autora dos livros infantojuvenis<\/span><span style=\"font-family: Arial,sans-serif;\"> \u201cO Menino que podia voar\u201d que trata da inclus\u00e3o da crian\u00e7a com defici\u00eancia e \u201cNa <\/span><span style=\"font-family: Arial,sans-serif;\">Trilha de um Vencedor\u201d, sobre a inf\u00e2ncia e juventude de Jo\u00e3o Paulo II, livro que tem a introdu\u00e7\u00e3o de Dom Eug\u00eanio Sales e que recebeu a b\u00ean\u00e7\u00e3o apost\u00f3lica do ent\u00e3o<\/span><span style=\"font-family: Arial,sans-serif;\"> Papa Bento XVI.<\/span><\/h2>\n<h2 style=\"text-align: justify;\"><img loading=\"lazy\" decoding=\"async\" class=\" wp-image-972 alignleft\" src=\"http:\/\/blog.cancaonova.com\/amigosdoceu\/files\/2009\/08\/adelita.jpg\" alt=\"\" width=\"203\" height=\"152\" \/><span style=\"font-family: Arial,sans-serif;\">Entre 2007 e 2012 apresentou o programa \u201cAmigos do C\u00e9u\u201d na TV CN, voltado para crian\u00e7as em idade catequetica, com o objetivo de divulgar a vida dos Santos.<\/span><\/h2>\n<h2 style=\"text-align: justify;\"><span style=\"font-family: Arial,sans-serif;\"> Atualmente trabalha no setor de evangeliza\u00e7\u00e3o infantojuvenil com m\u00eddias sociais e livros infantis, como escritora e ilustradora. Al\u00e9m de ministrar com seu esposo encontros para casais e encontros para evangelizadores de crian\u00e7as.<br \/>\n<\/span><\/h2>\n<h2 style=\"text-align: justify;\"><span style=\"font-family: Arial,sans-serif;\"><a href=\"http:\/\/blog.cancaonova.com\/amigosdoceu\/files\/2013\/08\/4957694802_5edba37a77_b.jpg\"><img loading=\"lazy\" decoding=\"async\" class=\"alignleft size-full wp-image-9363\" src=\"http:\/\/blog.cancaonova.com\/amigosdoceu\/files\/2013\/08\/4957694802_5edba37a77_b.jpg\" alt=\"\" width=\"280\" height=\"182\" \/><\/a>\u00c9 mission\u00e1ria leiga da comunidade Cat\u00f3lica Can\u00e7\u00e3o Nova desde 1991, casada com J\u00falio Frulane, tamb\u00e9m mission\u00e1rio e m\u00e3e do Est\u00eav\u00e3o e da Maria Esther.<a href=\"http:\/\/blog.cancaonova.com\/amigosdoceu\/files\/2012\/06\/387274_363581560323780_1002155498_n.jpg\"><img loading=\"lazy\" decoding=\"async\" class=\"size-full wp-image-9598 alignright\" src=\"http:\/\/blog.cancaonova.com\/amigosdoceu\/files\/2012\/06\/387274_363581560323780_1002155498_n.jpg\" alt=\"\" width=\"226\" height=\"148\" \/><\/a><br \/>\n<\/span><\/h2>\n<p>&nbsp;<\/p>\n<p>&nbsp;<\/p>\n<p>&nbsp;<\/p>\n<p>&nbsp;<\/p>\n<p><strong>M\u00eddias da Autora<\/strong><\/p>\n<p>Youtube<b> <\/b> Playlist no canal da TV Can\u00e7\u00e3o Nova\u00a0 <a class=\"external free\" href=\"https:\/\/www.youtube.com\/playlist?list=PL562872B285A3C385\" target=\"_blank\" rel=\"nofollow noopener\">https:\/\/www.youtube.com\/playlist?list=PL562872B285A3C385<\/a><\/p>\n<p>Can\u00e7\u00e3o Nova play\u00a0\u00a0 <a href=\"https:\/\/www.youtube.com\/playlist?list=PLgzp587mOb1nET7Ewcw0nxnVAlCyw5tM5&amp;pbjreload=10\">Educar na F\u00e9 &#8211; programas completos<\/a><span class=\"short-url\">\u00a0 <a href=\"https:\/\/www.youtube.com\/playlist?list=PLgzp587mOb1n-m4rItAOyEd82O6dgfQ0t\">Tia Adelita &#8211; Hist\u00f3rias dos Santos para Crian\u00e7as<\/a><br \/>\n<\/span><\/p>\n<p>Canal da autora<a href=\"https:\/\/www.youtube.com\/educarnafe\"> https:\/\/www.youtube.com\/educarnafe<\/a><\/p>\n<p>Facebook <a class=\"external free\" href=\"https:\/\/www.facebook.com\/amigosdoceu\" target=\"_blank\" rel=\"nofollow noopener\">https:\/\/www.facebook.com\/amigosdoceu<\/a><\/p>\n<p>Blog: Hist\u00f3rias da vida dos Santos para Crian\u00e7as <a class=\"external free\" href=\"http:\/\/blog.cancaonova.com\/amigosdoceu\" target=\"_blank\" rel=\"nofollow noopener\">http:\/\/blog.cancaonova.com\/amigosdoceu<\/a><\/p>\n<p>Gloria TV <a class=\"external free\" href=\"http:\/\/gloria.tv\/user\/MgzA8Yx4yfn\" target=\"_blank\" rel=\"nofollow noopener\">http:\/\/gloria.tv\/user\/MgzA8Yx4yfn<\/a><\/p>\n<p>Loja virtual da Can\u00e7\u00e3o Nova <a class=\"external free\" href=\"http:\/\/loja.cancaonova.com\/products?q=adelita+frulane&amp;taxon_id=\" target=\"_blank\" rel=\"nofollow noopener\">Livros, DVDs e palestras de Adelita Rozetti Frulane<\/a><\/p>\n<p>Twiter <a class=\"external free\" href=\"https:\/\/twitter.com\/Tia_Adelita\" target=\"_blank\" rel=\"nofollow noopener\">https:\/\/twitter.com\/Tia_Adelita<\/a><\/p>\n<p>Podcasts\u00a0 <a href=\"https:\/\/img.cancaonova.com\/cnimages\/canais\/cache\/podcast.cancaonova.com\/cn_cache_2c91205739fba62044a34f4901152538\">Hist\u00f3rinhas da tia Adelita para ouvir antes de dormir e baixar no celular<\/a><span class=\"short-url\"><br \/>\n<\/span><\/p>\n<p>Instagram Tia Adelita\u00a0<a href=\"https:\/\/www.instagram.com\/tiaadelita\/\">https:\/\/www.instagram.com\/tiaadelita\/<\/a><\/p>\n<p>Instagram Educar na F\u00e9 <a href=\"https:\/\/www.instagram.com\/programaeducarnafe\/\">https:\/\/www.instagram.com\/programaeducarnafe\/<\/a><\/p>\n<p>Programa Educar na F\u00e9 <a class=\"external free\" href=\"http:\/\/tv.cancaonova.com\/programa\/educar-na-fe\/\" target=\"_blank\" rel=\"nofollow noopener\">http:\/\/tv.cancaonova.com\/programa\/educar-na-fe\/<\/a><\/p>\n","protected":false},"excerpt":{"rendered":"<p>\u00a0 Adelita Maria Rozetti Frulane, nasceu em Guarapuava, no estado do Paran\u00e1.\u00a0 Formou-se em magist\u00e9rio e em hist\u00f3ria na FAFIG, Faculdade de Filosofia, Ci\u00eancias e Letras de sua cidade. Trabalhou inicialmente como professora. Uma das experi\u00eancias mais marcantes de sua&#8230;<\/p>\n","protected":false},"author":4017,"featured_media":10863,"parent":0,"menu_order":0,"comment_status":"closed","ping_status":"closed","template":"","meta":{"_mi_skip_tracking":false,"_monsterinsights_sitenote_active":false,"_monsterinsights_sitenote_note":"","_monsterinsights_sitenote_category":0,"footnotes":""},"_links":{"self":[{"href":"https:\/\/blog.cancaonova.com\/amigosdoceu\/wp-json\/wp\/v2\/pages\/11415"}],"collection":[{"href":"https:\/\/blog.cancaonova.com\/amigosdoceu\/wp-json\/wp\/v2\/pages"}],"about":[{"href":"https:\/\/blog.cancaonova.com\/amigosdoceu\/wp-json\/wp\/v2\/types\/page"}],"author":[{"embeddable":true,"href":"https:\/\/blog.cancaonova.com\/amigosdoceu\/wp-json\/wp\/v2\/users\/4017"}],"replies":[{"embeddable":true,"href":"https:\/\/blog.cancaonova.com\/amigosdoceu\/wp-json\/wp\/v2\/comments?post=11415"}],"version-history":[{"count":10,"href":"https:\/\/blog.cancaonova.com\/amigosdoceu\/wp-json\/wp\/v2\/pages\/11415\/revisions"}],"predecessor-version":[{"id":12343,"href":"https:\/\/blog.cancaonova.com\/amigosdoceu\/wp-json\/wp\/v2\/pages\/11415\/revisions\/12343"}],"wp:featuredmedia":[{"embeddable":true,"href":"https:\/\/blog.cancaonova.com\/amigosdoceu\/wp-json\/wp\/v2\/media\/10863"}],"wp:attachment":[{"href":"https:\/\/blog.cancaonova.com\/amigosdoceu\/wp-json\/wp\/v2\/media?parent=11415"}],"curies":[{"name":"wp","href":"https:\/\/api.w.org\/{rel}","templated":true}]}}