{"id":41,"date":"2024-09-27T11:20:50","date_gmt":"2024-09-27T14:20:50","guid":{"rendered":"https:\/\/blog.cancaonova.com\/cletocoelho\/?page_id=41"},"modified":"2024-09-27T11:25:42","modified_gmt":"2024-09-27T14:25:42","slug":"missao","status":"publish","type":"page","link":"https:\/\/blog.cancaonova.com\/cletocoelho\/missao\/","title":{"rendered":"Miss\u00e3o"},"content":{"rendered":"<p><b>Miss\u00e3o<\/b><\/p>\n<p><a href=\"http:\/\/blog.cancaonova.com\/cletocoelho\/files\/2024\/09\/Cleto-e-esposa.jpg\"><img loading=\"lazy\" decoding=\"async\" class=\"aligncenter size-full wp-image-42\" src=\"http:\/\/blog.cancaonova.com\/cletocoelho\/files\/2024\/09\/Cleto-e-esposa.jpg\" alt=\"\" width=\"384\" height=\"216\" srcset=\"https:\/\/blog.cancaonova.com\/cletocoelho\/files\/2024\/09\/Cleto-e-esposa.jpg 384w, https:\/\/blog.cancaonova.com\/cletocoelho\/files\/2024\/09\/Cleto-e-esposa-300x169.jpg 300w\" sizes=\"(max-width: 384px) 100vw, 384px\" \/><\/a><\/p>\n<p>&nbsp;<\/p>\n<p><strong>Quem \u00e9 Cleto Coelho?<\/strong><\/p>\n<p>&nbsp;<\/p>\n<p><span style=\"font-weight: 400;\">Nasceu em Londrina\/PR.&nbsp;<\/span><\/p>\n<p><span style=\"font-weight: 400;\">\u00c9 casado com Carla Astuti desde 1997 e tem tr\u00eas filhos, Rebeca, Davi e Sofia.<\/span><\/p>\n<p><span style=\"font-weight: 400;\">\u00c9 mission\u00e1rio na Comunidade Can\u00e7\u00e3o Nova desde 1998. Sua miss\u00e3o de evangelizador se realiza de v\u00e1rias maneiras:&nbsp;<\/span><\/p>\n<ul>\n<li><span style=\"font-weight: 400;\">Prega conte\u00fado para fam\u00edlias, casais e jovens em diversas regi\u00f5es do Brasil;&nbsp;<\/span><\/li>\n<li style=\"font-weight: 400;\" aria-level=\"1\"><span style=\"font-weight: 400;\">Diretor espiritual em peregrina\u00e7\u00f5es \u00e0 Terra Santa, Santu\u00e1rios Marianos e Franciscanos;&nbsp;<\/span><\/li>\n<li style=\"font-weight: 400;\" aria-level=\"1\"><span style=\"font-weight: 400;\">Durante 10 anos apresentou o programa \u201cJuntos Somos Mais\u201d pela TV Can\u00e7\u00e3o Nova;&nbsp;<\/span><\/li>\n<li style=\"font-weight: 400;\" aria-level=\"1\"><span style=\"font-weight: 400;\">\u00c9 idealizador dos projetos \u201cCom Deus tem jeito\u201d e \u201cCaminho 33 &#8211; Peregrina\u00e7\u00e3o no pedal\u201d;&nbsp;<\/span><\/li>\n<li style=\"font-weight: 400;\" aria-level=\"1\"><span style=\"font-weight: 400;\">Com Carla Astuti s\u00e3o idealizadores do projeto \u201cCasamento Fortalecido\u201d;&nbsp;<\/span><\/li>\n<li style=\"font-weight: 400;\" aria-level=\"1\"><span style=\"font-weight: 400;\">Tem cinco livros publicados pela Editora Can\u00e7\u00e3o Nova:&nbsp;<\/span>\n<ul>\n<li style=\"font-weight: 400;\" aria-level=\"2\"><span style=\"font-weight: 400;\">Tem jeito!&nbsp;<\/span><\/li>\n<li style=\"font-weight: 400;\" aria-level=\"2\"><span style=\"font-weight: 400;\">Pra Frente! A vida continua<\/span><\/li>\n<li style=\"font-weight: 400;\" aria-level=\"2\"><span style=\"font-weight: 400;\">Casamento Fortalecido<\/span><\/li>\n<li style=\"font-weight: 400;\" aria-level=\"2\"><span style=\"font-weight: 400;\">Com Deus tem jeito!<\/span><\/li>\n<li style=\"font-weight: 400;\" aria-level=\"2\"><span style=\"font-weight: 400;\">N\u00e3o se perturbe o vosso cora\u00e7\u00e3o &#8211; Deus \u00e9 o nosso socorro&nbsp;<\/span><\/li>\n<\/ul>\n<\/li>\n<li style=\"font-weight: 400;\" aria-level=\"1\"><span style=\"font-weight: 400;\">Trabalha na \u00e1rea social de Desenvolvimento Social na Funda\u00e7\u00e3o Jo\u00e3o Paulo II, na fun\u00e7\u00e3o de articulador social; e coordenador da Casa do Bom Samaritano.<\/span><\/li>\n<li style=\"font-weight: 400;\" aria-level=\"1\"><span style=\"font-weight: 400;\">Instagram <\/span><b>@cletocoelho<\/b><span style=\"font-weight: 400;\">&nbsp;&nbsp;&nbsp;<\/span><\/li>\n<\/ul>\n<p>&nbsp;<\/p>\n","protected":false},"excerpt":{"rendered":"<p>Miss\u00e3o &nbsp; Quem \u00e9 Cleto Coelho? &nbsp; Nasceu em Londrina\/PR.&nbsp; \u00c9 casado com Carla Astuti desde 1997 e tem tr\u00eas filhos, Rebeca, Davi e Sofia. \u00c9 mission\u00e1rio na Comunidade Can\u00e7\u00e3o Nova desde 1998. Sua miss\u00e3o de evangelizador se realiza de&#8230;<\/p>\n","protected":false},"author":4539,"featured_media":42,"parent":0,"menu_order":0,"comment_status":"closed","ping_status":"closed","template":"","meta":{"_mi_skip_tracking":false,"_monsterinsights_sitenote_active":false,"_monsterinsights_sitenote_note":"","_monsterinsights_sitenote_category":0,"footnotes":""},"_links":{"self":[{"href":"https:\/\/blog.cancaonova.com\/cletocoelho\/wp-json\/wp\/v2\/pages\/41"}],"collection":[{"href":"https:\/\/blog.cancaonova.com\/cletocoelho\/wp-json\/wp\/v2\/pages"}],"about":[{"href":"https:\/\/blog.cancaonova.com\/cletocoelho\/wp-json\/wp\/v2\/types\/page"}],"author":[{"embeddable":true,"href":"https:\/\/blog.cancaonova.com\/cletocoelho\/wp-json\/wp\/v2\/users\/4539"}],"replies":[{"embeddable":true,"href":"https:\/\/blog.cancaonova.com\/cletocoelho\/wp-json\/wp\/v2\/comments?post=41"}],"version-history":[{"count":3,"href":"https:\/\/blog.cancaonova.com\/cletocoelho\/wp-json\/wp\/v2\/pages\/41\/revisions"}],"predecessor-version":[{"id":49,"href":"https:\/\/blog.cancaonova.com\/cletocoelho\/wp-json\/wp\/v2\/pages\/41\/revisions\/49"}],"wp:featuredmedia":[{"embeddable":true,"href":"https:\/\/blog.cancaonova.com\/cletocoelho\/wp-json\/wp\/v2\/media\/42"}],"wp:attachment":[{"href":"https:\/\/blog.cancaonova.com\/cletocoelho\/wp-json\/wp\/v2\/media?parent=41"}],"curies":[{"name":"wp","href":"https:\/\/api.w.org\/{rel}","templated":true}]}}