{"id":13774,"date":"2014-06-13T11:34:08","date_gmt":"2014-06-13T13:34:08","guid":{"rendered":"http:\/\/blog.cancaonova.com\/curitiba\/?page_id=13774"},"modified":"2021-07-29T18:34:43","modified_gmt":"2021-07-29T20:34:43","slug":"missionarios","status":"publish","type":"page","link":"https:\/\/blog.cancaonova.com\/curitiba\/missionarios\/","title":{"rendered":"Mission\u00e1rios"},"content":{"rendered":"<p style=\"text-align: center\"><strong><span style=\"color: #000000\">Conhe\u00e7a os mission\u00e1rios da Comunidade Can\u00e7\u00e3o Nova em Curitiba (PR), neste ano de 2021.<\/span><\/strong><\/p>\n<p style=\"text-align: center\"><strong><span style=\"color: #000000\">MODO DE COMPROMISSO DO N\u00daCLEO:<\/span><\/strong><\/p>\n<p style=\"text-align: left\"><span style=\"color: #000000\"><img loading=\"lazy\" decoding=\"async\" class=\"aligncenter wp-image-18208\" src=\"http:\/\/blog.cancaonova.com\/curitiba\/files\/2014\/06\/WhatsApp-Image-2021-07-27-at-16.50.06-1.jpeg\" alt=\"\" width=\"300\" height=\"224\" srcset=\"https:\/\/blog.cancaonova.com\/curitiba\/files\/2014\/06\/WhatsApp-Image-2021-07-27-at-16.50.06-1.jpeg 1280w, https:\/\/blog.cancaonova.com\/curitiba\/files\/2014\/06\/WhatsApp-Image-2021-07-27-at-16.50.06-1-300x224.jpeg 300w, https:\/\/blog.cancaonova.com\/curitiba\/files\/2014\/06\/WhatsApp-Image-2021-07-27-at-16.50.06-1-768x574.jpeg 768w\" sizes=\"(max-width: 300px) 100vw, 300px\" \/><\/span><\/p>\n<p style=\"text-align: center\"><span style=\"color: #000000\"><strong>Orlando Junior &#8211; Membro 10\u00ba Ano Definitivo<br \/>\n<\/strong><\/span><strong><span style=\"color: #000000\">Jocelma Cruz &#8211; Membro 7\u00ba Ano Definitivo<br \/>\n<\/span><\/strong><\/p>\n<p><img loading=\"lazy\" decoding=\"async\" class=\"aligncenter wp-image-18215\" src=\"http:\/\/blog.cancaonova.com\/curitiba\/files\/2014\/06\/WhatsApp-Image-2021-01-04-at-09.41.26.jpg\" alt=\"\" width=\"304\" height=\"228\" srcset=\"https:\/\/blog.cancaonova.com\/curitiba\/files\/2014\/06\/WhatsApp-Image-2021-01-04-at-09.41.26.jpg 1280w, https:\/\/blog.cancaonova.com\/curitiba\/files\/2014\/06\/WhatsApp-Image-2021-01-04-at-09.41.26-300x225.jpg 300w, https:\/\/blog.cancaonova.com\/curitiba\/files\/2014\/06\/WhatsApp-Image-2021-01-04-at-09.41.26-768x576.jpg 768w\" sizes=\"(max-width: 304px) 100vw, 304px\" \/><\/p>\n<p style=\"text-align: center\"><strong><span style=\"color: #000000\">Paulo C\u00e9sar &#8211;\u00a0Membro 7\u00ba Ano Definitivo<br \/>\nElis\u00e2ngela Borges &#8211;\u00a0Membro 8\u00ba Ano Definitivo<br \/>\n<\/span><\/strong><\/p>\n<p>\u00a0<span style=\"color: #000000\">\u00a0<img loading=\"lazy\" decoding=\"async\" class=\"aligncenter wp-image-18213\" src=\"http:\/\/blog.cancaonova.com\/curitiba\/files\/2014\/06\/WhatsApp-Image-2021-01-03-at-23.21.03.jpg\" alt=\"\" width=\"301\" height=\"225\" srcset=\"https:\/\/blog.cancaonova.com\/curitiba\/files\/2014\/06\/WhatsApp-Image-2021-01-03-at-23.21.03.jpg 1280w, https:\/\/blog.cancaonova.com\/curitiba\/files\/2014\/06\/WhatsApp-Image-2021-01-03-at-23.21.03-300x225.jpg 300w, https:\/\/blog.cancaonova.com\/curitiba\/files\/2014\/06\/WhatsApp-Image-2021-01-03-at-23.21.03-768x575.jpg 768w\" sizes=\"(max-width: 301px) 100vw, 301px\" \/><\/span><\/p>\n<p style=\"text-align: center\"><strong>C\u00e9sar Vidal &#8211; Membro 7\u00ba Ano Definitivo<br \/>\nSuelen Vidal &#8211;\u00a0Membro 7\u00ba Ano Definitivo<\/strong><\/p>\n<p>&nbsp;<\/p>\n<p><span style=\"color: #000000\"><img loading=\"lazy\" decoding=\"async\" class=\"aligncenter wp-image-18210\" src=\"http:\/\/blog.cancaonova.com\/curitiba\/files\/2014\/06\/WhatsApp-Image-2021-07-27-at-16.50.07-3.jpeg\" alt=\"\" width=\"450\" height=\"225\" srcset=\"https:\/\/blog.cancaonova.com\/curitiba\/files\/2014\/06\/WhatsApp-Image-2021-07-27-at-16.50.07-3.jpeg 1280w, https:\/\/blog.cancaonova.com\/curitiba\/files\/2014\/06\/WhatsApp-Image-2021-07-27-at-16.50.07-3-300x150.jpeg 300w, https:\/\/blog.cancaonova.com\/curitiba\/files\/2014\/06\/WhatsApp-Image-2021-07-27-at-16.50.07-3-768x384.jpeg 768w, https:\/\/blog.cancaonova.com\/curitiba\/files\/2014\/06\/WhatsApp-Image-2021-07-27-at-16.50.07-3-600x300.jpeg 600w, https:\/\/blog.cancaonova.com\/curitiba\/files\/2014\/06\/WhatsApp-Image-2021-07-27-at-16.50.07-3-150x75.jpeg 150w\" sizes=\"(max-width: 450px) 100vw, 450px\" \/><\/span><\/p>\n<p style=\"text-align: center\"><strong>Casa Feminina (da esquerda para a direita):<\/strong><br \/>\n<strong>Lilian Sousa &#8211;\u00a0Membro Compromisso Definitivo<br \/>\nKalline Carvalho &#8211; Membro 4\u00ba Ano Definitivo<br \/>\n<\/strong><strong>Julia Barbosa &#8211; Celibat\u00e1ria &#8211; Membro 3\u00ba Ano Juniorato<br \/>\n<\/strong><strong> Arianne Peixoto &#8211;\u00a0Membro 4\u00ba Ano Definitivo<br \/>\nLucimara Lopes &#8211;\u00a0Membro 3\u00ba Ano Juniorato<br \/>\nHeryka Ribeiro &#8211;\u00a0Membro 1\u00ba Ano Tempor\u00e1rio<\/strong><\/p>\n<p>&nbsp;<\/p>\n<p style=\"text-align: center\"><strong>Casa Masculina:<\/strong><\/p>\n<p style=\"text-align: center\"><img loading=\"lazy\" decoding=\"async\" class=\"wp-image-17744 aligncenter\" src=\"http:\/\/blog.cancaonova.com\/curitiba\/files\/2014\/06\/Pe.-Jo\u00e3o-Marcos.jpg\" alt=\"Pe. Jo\u00e3o Marcos\" width=\"230\" height=\"230\" srcset=\"https:\/\/blog.cancaonova.com\/curitiba\/files\/2014\/06\/Pe.-Jo\u00e3o-Marcos.jpg 960w, https:\/\/blog.cancaonova.com\/curitiba\/files\/2014\/06\/Pe.-Jo\u00e3o-Marcos-150x150.jpg 150w, https:\/\/blog.cancaonova.com\/curitiba\/files\/2014\/06\/Pe.-Jo\u00e3o-Marcos-300x300.jpg 300w, https:\/\/blog.cancaonova.com\/curitiba\/files\/2014\/06\/Pe.-Jo\u00e3o-Marcos-768x768.jpg 768w, https:\/\/blog.cancaonova.com\/curitiba\/files\/2014\/06\/Pe.-Jo\u00e3o-Marcos-144x144.jpg 144w\" sizes=\"(max-width: 230px) 100vw, 230px\" \/><strong><br \/>\nPadre Jo\u00e3o Marcos Polak* &#8211; Membro 7\u00ba Ano Definitivo<br \/>\n*Em licen\u00e7a can\u00f4nica na Arquidiocese de Curitiba a partir de Julho de 2021<\/strong><\/p>\n<p><img loading=\"lazy\" decoding=\"async\" class=\"wp-image-18211 aligncenter\" src=\"http:\/\/blog.cancaonova.com\/curitiba\/files\/2014\/06\/Junio-CN.jpg\" alt=\"\" width=\"230\" height=\"230\" srcset=\"https:\/\/blog.cancaonova.com\/curitiba\/files\/2014\/06\/Junio-CN.jpg 960w, https:\/\/blog.cancaonova.com\/curitiba\/files\/2014\/06\/Junio-CN-150x150.jpg 150w, https:\/\/blog.cancaonova.com\/curitiba\/files\/2014\/06\/Junio-CN-300x300.jpg 300w, https:\/\/blog.cancaonova.com\/curitiba\/files\/2014\/06\/Junio-CN-768x768.jpg 768w, https:\/\/blog.cancaonova.com\/curitiba\/files\/2014\/06\/Junio-CN-144x144.jpg 144w\" sizes=\"(max-width: 230px) 100vw, 230px\" \/><\/p>\n<p style=\"text-align: center\"><strong>Junio Moreira* &#8211; Seminarista &#8211; Membro 1\u00ba Ano Tempor\u00e1rio<br \/>\n*Vivendo o ano pastoral em frente de Miss\u00e3o<\/strong><\/p>\n<p>&nbsp;<\/p>\n<p style=\"text-align: center\"><strong><span style=\"color: #000000\">MODO DE COMPROMISSO DO 2\u00ba ELO:<\/span><\/strong><\/p>\n<p><img loading=\"lazy\" decoding=\"async\" class=\"aligncenter wp-image-18216\" src=\"http:\/\/blog.cancaonova.com\/curitiba\/files\/2014\/06\/IMG_111.jpg\" alt=\"\" width=\"301\" height=\"241\" srcset=\"https:\/\/blog.cancaonova.com\/curitiba\/files\/2014\/06\/IMG_111.jpg 3436w, https:\/\/blog.cancaonova.com\/curitiba\/files\/2014\/06\/IMG_111-300x240.jpg 300w, https:\/\/blog.cancaonova.com\/curitiba\/files\/2014\/06\/IMG_111-768x615.jpg 768w\" sizes=\"(max-width: 301px) 100vw, 301px\" \/><\/p>\n<p style=\"text-align: center\"><span style=\"color: #000000\"><strong>Mario Oliveira &#8211; Membro Definitivo<br \/>\nAdriana Washington &#8211; Membro Definitivo<\/strong><\/span><\/p>\n<p style=\"text-align: center\"><img loading=\"lazy\" decoding=\"async\" class=\"aligncenter wp-image-18217\" src=\"http:\/\/blog.cancaonova.com\/curitiba\/files\/2014\/06\/Beraldo-CN.png\" alt=\"\" width=\"230\" height=\"295\" srcset=\"https:\/\/blog.cancaonova.com\/curitiba\/files\/2014\/06\/Beraldo-CN.png 609w, https:\/\/blog.cancaonova.com\/curitiba\/files\/2014\/06\/Beraldo-CN-234x300.png 234w\" sizes=\"(max-width: 230px) 100vw, 230px\" \/><br \/>\n<strong>Augusto Beraldo &#8211; Membro Definitivo<br \/>\n<\/strong><span style=\"color: #000000\"><strong style=\"color: #333333\">Maria Eunice Beraldo &#8211; <strong>Membro Definitivo<\/strong><\/strong><\/span><\/p>\n<p style=\"text-align: center\"><span style=\"color: #000000\"><strong>\u00a0<\/strong><\/span><\/p>\n<p style=\"text-align: center\"><span style=\"color: #000000\"><a style=\"color: #000000\" href=\"http:\/\/blog.cancaonova.com\/curitiba\/files\/2014\/06\/Aldonir-Costa-.jpg\"><img loading=\"lazy\" decoding=\"async\" class=\"aligncenter wp-image-14500\" src=\"http:\/\/blog.cancaonova.com\/curitiba\/files\/2014\/06\/Aldonir-Costa-.jpg\" alt=\"Aldonir Costa\" width=\"200\" height=\"266\" srcset=\"https:\/\/blog.cancaonova.com\/curitiba\/files\/2014\/06\/Aldonir-Costa-.jpg 354w, https:\/\/blog.cancaonova.com\/curitiba\/files\/2014\/06\/Aldonir-Costa--225x300.jpg 225w, https:\/\/blog.cancaonova.com\/curitiba\/files\/2014\/06\/Aldonir-Costa--150x200.jpg 150w\" sizes=\"(max-width: 200px) 100vw, 200px\" \/><\/a><\/span><\/p>\n<p style=\"text-align: center\"><span style=\"color: #000000\"><strong>Aldonir Costa &#8211;\u00a0Membro Definitivo<\/strong><\/span><\/p>\n<p style=\"text-align: center\"><span style=\"color: #000000\"><strong><br \/>\n<\/strong><\/span><img loading=\"lazy\" decoding=\"async\" class=\"aligncenter wp-image-18220\" src=\"http:\/\/blog.cancaonova.com\/curitiba\/files\/2014\/06\/Casal-Fran\u00e7a-CN.png\" alt=\"\" width=\"300\" height=\"300\" srcset=\"https:\/\/blog.cancaonova.com\/curitiba\/files\/2014\/06\/Casal-Fran\u00e7a-CN.png 960w, https:\/\/blog.cancaonova.com\/curitiba\/files\/2014\/06\/Casal-Fran\u00e7a-CN-150x150.png 150w, https:\/\/blog.cancaonova.com\/curitiba\/files\/2014\/06\/Casal-Fran\u00e7a-CN-300x300.png 300w, https:\/\/blog.cancaonova.com\/curitiba\/files\/2014\/06\/Casal-Fran\u00e7a-CN-768x768.png 768w, https:\/\/blog.cancaonova.com\/curitiba\/files\/2014\/06\/Casal-Fran\u00e7a-CN-144x144.png 144w\" sizes=\"(max-width: 300px) 100vw, 300px\" \/><\/p>\n<p style=\"text-align: center\"><span style=\"color: #000000\"><strong>Jos\u00e9 Aparecido Fran\u00e7a &#8211; Membro Definitivo<br \/>\nDerli dos Santos Ferreira &#8211; Membro Definitivo<\/strong><\/span><\/p>\n<p>&nbsp;<\/p>\n<p><img loading=\"lazy\" decoding=\"async\" class=\"aligncenter wp-image-18234\" src=\"http:\/\/blog.cancaonova.com\/curitiba\/files\/2014\/06\/WhatsApp-Image-2021-07-29-at-14.40.41.jpeg\" alt=\"\" width=\"301\" height=\"306\" srcset=\"https:\/\/blog.cancaonova.com\/curitiba\/files\/2014\/06\/WhatsApp-Image-2021-07-29-at-14.40.41.jpeg 836w, https:\/\/blog.cancaonova.com\/curitiba\/files\/2014\/06\/WhatsApp-Image-2021-07-29-at-14.40.41-294x300.jpeg 294w, https:\/\/blog.cancaonova.com\/curitiba\/files\/2014\/06\/WhatsApp-Image-2021-07-29-at-14.40.41-768x783.jpeg 768w\" sizes=\"(max-width: 301px) 100vw, 301px\" \/><\/p>\n<p style=\"text-align: center\"><strong style=\"color: #000000\"><strong>Jos\u00e9 Roberto\u00a0Antunes\u00a0&#8211; Membro Definitivo<\/strong><br \/>\nAndr\u00e9a <strong>Antunes<\/strong><strong>\u00a0&#8211; Membro Definitivo<\/strong><\/strong><\/p>\n<p>&nbsp;<\/p>\n<p><img loading=\"lazy\" decoding=\"async\" class=\"aligncenter wp-image-18219\" src=\"http:\/\/blog.cancaonova.com\/curitiba\/files\/2014\/06\/Casal-Cruz-CN.png\" alt=\"\" width=\"301\" height=\"301\" srcset=\"https:\/\/blog.cancaonova.com\/curitiba\/files\/2014\/06\/Casal-Cruz-CN.png 682w, https:\/\/blog.cancaonova.com\/curitiba\/files\/2014\/06\/Casal-Cruz-CN-150x150.png 150w, https:\/\/blog.cancaonova.com\/curitiba\/files\/2014\/06\/Casal-Cruz-CN-300x300.png 300w, https:\/\/blog.cancaonova.com\/curitiba\/files\/2014\/06\/Casal-Cruz-CN-144x144.png 144w\" sizes=\"(max-width: 301px) 100vw, 301px\" \/><\/p>\n<p style=\"text-align: center\"><span style=\"color: #000000\"><strong>Ant\u00f4nio Carlos Cruz &#8211; Membro Definitivo<br \/>\nSimone Cruz &#8211; Membro Definitivo<br \/>\n<\/strong><\/span><\/p>\n<p style=\"text-align: center\"><span style=\"color: #000000\"><a style=\"color: #000000\" href=\"http:\/\/blog.cancaonova.com\/curitiba\/files\/2014\/06\/Dolores-Moreira-Nass-.jpg\"><img loading=\"lazy\" decoding=\"async\" class=\"aligncenter wp-image-14505\" src=\"http:\/\/blog.cancaonova.com\/curitiba\/files\/2014\/06\/Dolores-Moreira-Nass-.jpg\" alt=\"Dolores Moreira Nass\" width=\"200\" height=\"266\" srcset=\"https:\/\/blog.cancaonova.com\/curitiba\/files\/2014\/06\/Dolores-Moreira-Nass-.jpg 354w, https:\/\/blog.cancaonova.com\/curitiba\/files\/2014\/06\/Dolores-Moreira-Nass--225x300.jpg 225w, https:\/\/blog.cancaonova.com\/curitiba\/files\/2014\/06\/Dolores-Moreira-Nass--150x200.jpg 150w\" sizes=\"(max-width: 200px) 100vw, 200px\" \/><\/a><\/span><span style=\"color: #000000\"><strong><br \/>\nDolores Moreira Nass\u00a0&#8211; Membro Definitivo<\/strong><\/span><\/p>\n<p>&nbsp;<\/p>\n<p style=\"text-align: center\"><img loading=\"lazy\" decoding=\"async\" class=\"aligncenter wp-image-18223\" src=\"http:\/\/blog.cancaonova.com\/curitiba\/files\/2014\/06\/WhatsApp-Image-2021-05-17-at-12.34.01.jpg\" alt=\"\" width=\"230\" height=\"306\" srcset=\"https:\/\/blog.cancaonova.com\/curitiba\/files\/2014\/06\/WhatsApp-Image-2021-05-17-at-12.34.01.jpg 960w, https:\/\/blog.cancaonova.com\/curitiba\/files\/2014\/06\/WhatsApp-Image-2021-05-17-at-12.34.01-225x300.jpg 225w, https:\/\/blog.cancaonova.com\/curitiba\/files\/2014\/06\/WhatsApp-Image-2021-05-17-at-12.34.01-768x1024.jpg 768w, https:\/\/blog.cancaonova.com\/curitiba\/files\/2014\/06\/WhatsApp-Image-2021-05-17-at-12.34.01-150x200.jpg 150w\" sizes=\"(max-width: 230px) 100vw, 230px\" \/><span style=\"color: #000000\"><strong><br \/>\nDouglas Dutra &#8211; Membro Definitivo<br \/>\n<\/strong><\/span><strong style=\"color: #000000\">Fabiana Dutra<strong> &#8211; Membro Definitivo<\/strong><\/strong><\/p>\n<p>&nbsp;<\/p>\n<p style=\"text-align: center\"><span style=\"color: #000000\"><strong><img loading=\"lazy\" decoding=\"async\" class=\"aligncenter wp-image-18225\" src=\"http:\/\/blog.cancaonova.com\/curitiba\/files\/2014\/06\/104423743_3048079268612644_5715412540251944277_n.jpg\" alt=\"\" width=\"300\" height=\"301\" srcset=\"https:\/\/blog.cancaonova.com\/curitiba\/files\/2014\/06\/104423743_3048079268612644_5715412540251944277_n.jpg 955w, https:\/\/blog.cancaonova.com\/curitiba\/files\/2014\/06\/104423743_3048079268612644_5715412540251944277_n-150x150.jpg 150w, https:\/\/blog.cancaonova.com\/curitiba\/files\/2014\/06\/104423743_3048079268612644_5715412540251944277_n-300x300.jpg 300w, https:\/\/blog.cancaonova.com\/curitiba\/files\/2014\/06\/104423743_3048079268612644_5715412540251944277_n-768x771.jpg 768w, https:\/\/blog.cancaonova.com\/curitiba\/files\/2014\/06\/104423743_3048079268612644_5715412540251944277_n-144x144.jpg 144w\" sizes=\"(max-width: 300px) 100vw, 300px\" \/><\/strong><\/span><span style=\"color: #000000\"><strong><br \/>\nGenane Aparecida\u00a0&#8211; Membro Definitivo<\/strong><\/span><\/p>\n<p>&nbsp;<\/p>\n<p style=\"text-align: center\"><span style=\"color: #000000\"><strong><img loading=\"lazy\" decoding=\"async\" class=\"aligncenter wp-image-18224\" src=\"http:\/\/blog.cancaonova.com\/curitiba\/files\/2014\/06\/WhatsApp-Image-2021-07-28-at-06.48.34.jpeg\" alt=\"\" width=\"305\" height=\"229\" srcset=\"https:\/\/blog.cancaonova.com\/curitiba\/files\/2014\/06\/WhatsApp-Image-2021-07-28-at-06.48.34.jpeg 1600w, https:\/\/blog.cancaonova.com\/curitiba\/files\/2014\/06\/WhatsApp-Image-2021-07-28-at-06.48.34-300x225.jpeg 300w, https:\/\/blog.cancaonova.com\/curitiba\/files\/2014\/06\/WhatsApp-Image-2021-07-28-at-06.48.34-768x576.jpeg 768w\" sizes=\"(max-width: 305px) 100vw, 305px\" \/><br \/>\nHeraldo dos Santos\u00a0&#8211; Membro Definitivo<br \/>\n<\/strong><\/span><span style=\"color: #000000\"><strong>Maria Aparecida Santos\u00a0&#8211; Membro Definitivo<\/strong><\/span><\/p>\n<p>&nbsp;<\/p>\n<p style=\"text-align: center\"><span style=\"color: #000000\"><a style=\"color: #000000\" href=\"http:\/\/blog.cancaonova.com\/curitiba\/files\/2014\/06\/Maria-Laurita-Dutra-.jpg\"><img loading=\"lazy\" decoding=\"async\" class=\"aligncenter wp-image-14517\" src=\"http:\/\/blog.cancaonova.com\/curitiba\/files\/2014\/06\/Maria-Laurita-Dutra-.jpg\" alt=\"Maria Laurita Dutra\" width=\"200\" height=\"267\" srcset=\"https:\/\/blog.cancaonova.com\/curitiba\/files\/2014\/06\/Maria-Laurita-Dutra-.jpg 354w, https:\/\/blog.cancaonova.com\/curitiba\/files\/2014\/06\/Maria-Laurita-Dutra--225x300.jpg 225w, https:\/\/blog.cancaonova.com\/curitiba\/files\/2014\/06\/Maria-Laurita-Dutra--150x200.jpg 150w\" sizes=\"(max-width: 200px) 100vw, 200px\" \/><\/a><\/span><\/p>\n<p style=\"text-align: center\"><span style=\"color: #000000\"><strong>Maria Laurita &#8211; Membro Definitivo<\/strong><\/span><\/p>\n<p>&nbsp;<\/p>\n<p style=\"text-align: center\"><span style=\"color: #000000\"><a style=\"color: #000000\" href=\"http:\/\/blog.cancaonova.com\/curitiba\/files\/2014\/06\/Maria-Terezinha-Fagundes-.jpg\"><img loading=\"lazy\" decoding=\"async\" class=\"aligncenter wp-image-14518\" src=\"http:\/\/blog.cancaonova.com\/curitiba\/files\/2014\/06\/Maria-Terezinha-Fagundes-.jpg\" alt=\"Maria Terezinha Fagundes\" width=\"201\" height=\"268\" srcset=\"https:\/\/blog.cancaonova.com\/curitiba\/files\/2014\/06\/Maria-Terezinha-Fagundes-.jpg 354w, https:\/\/blog.cancaonova.com\/curitiba\/files\/2014\/06\/Maria-Terezinha-Fagundes--225x300.jpg 225w, https:\/\/blog.cancaonova.com\/curitiba\/files\/2014\/06\/Maria-Terezinha-Fagundes--150x200.jpg 150w\" sizes=\"(max-width: 201px) 100vw, 201px\" \/><\/a><\/span><\/p>\n<p style=\"text-align: center\"><span style=\"color: #000000\"><strong>Maria Terezinha &#8211; Membro Definitivo<\/strong><\/span><\/p>\n<p>&nbsp;<\/p>\n<p style=\"text-align: center\"><strong>Paulo Lemes &#8211; Membro Definitivo<\/strong><br \/>\n<strong style=\"color: #000000\"> Noeli Marchi\u00a0&#8211; Membro Definitivo<\/strong><\/p>\n<p>&nbsp;<\/p>\n<p style=\"text-align: center\"><img loading=\"lazy\" decoding=\"async\" class=\"aligncenter wp-image-18222\" src=\"http:\/\/blog.cancaonova.com\/curitiba\/files\/2014\/06\/Design-sem-nome-32.png\" alt=\"\" width=\"230\" height=\"230\" srcset=\"https:\/\/blog.cancaonova.com\/curitiba\/files\/2014\/06\/Design-sem-nome-32.png 300w, https:\/\/blog.cancaonova.com\/curitiba\/files\/2014\/06\/Design-sem-nome-32-150x150.png 150w, https:\/\/blog.cancaonova.com\/curitiba\/files\/2014\/06\/Design-sem-nome-32-144x144.png 144w\" sizes=\"(max-width: 230px) 100vw, 230px\" \/><\/p>\n<p style=\"text-align: center\"><span style=\"color: #000000\"><strong>Silvia Novadzki &#8211; Membro Definitivo<\/strong><\/span><\/p>\n<p>&nbsp;<\/p>\n<p><img loading=\"lazy\" decoding=\"async\" class=\"aligncenter wp-image-18221\" src=\"http:\/\/blog.cancaonova.com\/curitiba\/files\/2014\/06\/WhatsApp-Image-2021-07-27-at-10.03.12.jpeg\" alt=\"\" width=\"302\" height=\"226\" srcset=\"https:\/\/blog.cancaonova.com\/curitiba\/files\/2014\/06\/WhatsApp-Image-2021-07-27-at-10.03.12.jpeg 1600w, https:\/\/blog.cancaonova.com\/curitiba\/files\/2014\/06\/WhatsApp-Image-2021-07-27-at-10.03.12-300x225.jpeg 300w, https:\/\/blog.cancaonova.com\/curitiba\/files\/2014\/06\/WhatsApp-Image-2021-07-27-at-10.03.12-768x576.jpeg 768w\" sizes=\"(max-width: 302px) 100vw, 302px\" \/><\/p>\n<p style=\"text-align: center\"><strong>Valmir Coloniezze &#8211; Membro Definitivo<br \/>\n<\/strong><strong>Janes Coloniezze &#8211; Membro Definitivo<\/strong><\/p>\n<p>&nbsp;<\/p>\n<p><img loading=\"lazy\" decoding=\"async\" class=\"aligncenter wp-image-18229\" src=\"http:\/\/blog.cancaonova.com\/curitiba\/files\/2014\/06\/WhatsApp-Image-2021-07-28-at-22.42.07.jpeg\" alt=\"\" width=\"312\" height=\"224\" srcset=\"https:\/\/blog.cancaonova.com\/curitiba\/files\/2014\/06\/WhatsApp-Image-2021-07-28-at-22.42.07.jpeg 1280w, https:\/\/blog.cancaonova.com\/curitiba\/files\/2014\/06\/WhatsApp-Image-2021-07-28-at-22.42.07-300x215.jpeg 300w, https:\/\/blog.cancaonova.com\/curitiba\/files\/2014\/06\/WhatsApp-Image-2021-07-28-at-22.42.07-768x550.jpeg 768w\" sizes=\"(max-width: 312px) 100vw, 312px\" \/><\/p>\n<p style=\"text-align: center\"><strong>Jairo Fagundes<b> &#8211;\u00a0Membro Junior<\/b><br \/>\n<\/strong><strong>Mauriceia Fagundes &#8211; Membro Definitivo<br \/>\n<\/strong><\/p>\n<p>&nbsp;<\/p>\n<p style=\"text-align: center\"><img loading=\"lazy\" decoding=\"async\" class=\" wp-image-17750 aligncenter\" src=\"http:\/\/blog.cancaonova.com\/curitiba\/files\/2014\/06\/Wal.jpg\" alt=\"\" width=\"231\" height=\"232\" srcset=\"https:\/\/blog.cancaonova.com\/curitiba\/files\/2014\/06\/Wal.jpg 954w, https:\/\/blog.cancaonova.com\/curitiba\/files\/2014\/06\/Wal-150x150.jpg 150w, https:\/\/blog.cancaonova.com\/curitiba\/files\/2014\/06\/Wal-298x300.jpg 298w, https:\/\/blog.cancaonova.com\/curitiba\/files\/2014\/06\/Wal-768x773.jpg 768w, https:\/\/blog.cancaonova.com\/curitiba\/files\/2014\/06\/Wal-144x144.jpg 144w\" sizes=\"(max-width: 231px) 100vw, 231px\" \/><br \/>\n<b>Wal Gon\u00e7alves &#8211;<strong>\u00a0Membro Junior<\/strong><\/b><\/p>\n<p><img loading=\"lazy\" decoding=\"async\" class=\"aligncenter wp-image-18230\" src=\"http:\/\/blog.cancaonova.com\/curitiba\/files\/2014\/06\/WhatsApp-Image-2021-07-29-at-13.59.55.jpeg\" alt=\"\" width=\"305\" height=\"229\" srcset=\"https:\/\/blog.cancaonova.com\/curitiba\/files\/2014\/06\/WhatsApp-Image-2021-07-29-at-13.59.55.jpeg 1280w, https:\/\/blog.cancaonova.com\/curitiba\/files\/2014\/06\/WhatsApp-Image-2021-07-29-at-13.59.55-300x225.jpeg 300w, https:\/\/blog.cancaonova.com\/curitiba\/files\/2014\/06\/WhatsApp-Image-2021-07-29-at-13.59.55-768x576.jpeg 768w\" sizes=\"(max-width: 305px) 100vw, 305px\" \/><\/p>\n<p style=\"text-align: center\"><strong>Ivo Ricardo de S\u00e1<b> &#8211;\u00a0Membro Junior<br \/>\nFabiana S\u00e1 &#8211;\u00a0Membro Definitivo<br \/>\n<\/b><\/strong><\/p>\n<p>&nbsp;<\/p>\n<p><img loading=\"lazy\" decoding=\"async\" class=\" wp-image-17755 aligncenter\" src=\"http:\/\/blog.cancaonova.com\/curitiba\/files\/2014\/06\/WhatsApp-Image-2018-12-19-at-11.20.27.jpeg\" alt=\"Paulo\" width=\"302\" height=\"227\" srcset=\"https:\/\/blog.cancaonova.com\/curitiba\/files\/2014\/06\/WhatsApp-Image-2018-12-19-at-11.20.27.jpeg 1152w, https:\/\/blog.cancaonova.com\/curitiba\/files\/2014\/06\/WhatsApp-Image-2018-12-19-at-11.20.27-300x225.jpeg 300w, https:\/\/blog.cancaonova.com\/curitiba\/files\/2014\/06\/WhatsApp-Image-2018-12-19-at-11.20.27-768x576.jpeg 768w\" sizes=\"(max-width: 302px) 100vw, 302px\" \/><\/p>\n<p style=\"text-align: center\"><b>Paulo Ambos<strong>\u00a0&#8211; Membro Junior<\/strong><br \/>\n<\/b><\/p>\n<p>&nbsp;<\/p>\n","protected":false},"excerpt":{"rendered":"<p>Conhe\u00e7a os mission\u00e1rios da Comunidade Can\u00e7\u00e3o Nova em Curitiba (PR), neste ano de 2021. MODO DE COMPROMISSO DO N\u00daCLEO: Orlando Junior &#8211; Membro 10\u00ba Ano Definitivo Jocelma Cruz &#8211; Membro 7\u00ba Ano Definitivo Paulo C\u00e9sar &#8211;\u00a0Membro 7\u00ba Ano Definitivo Elis\u00e2ngela&#8230;<\/p>\n","protected":false},"author":3161,"featured_media":0,"parent":0,"menu_order":0,"comment_status":"open","ping_status":"open","template":"","meta":{"_mi_skip_tracking":false,"_monsterinsights_sitenote_active":false,"_monsterinsights_sitenote_note":"","_monsterinsights_sitenote_category":0,"footnotes":""},"_links":{"self":[{"href":"https:\/\/blog.cancaonova.com\/curitiba\/wp-json\/wp\/v2\/pages\/13774"}],"collection":[{"href":"https:\/\/blog.cancaonova.com\/curitiba\/wp-json\/wp\/v2\/pages"}],"about":[{"href":"https:\/\/blog.cancaonova.com\/curitiba\/wp-json\/wp\/v2\/types\/page"}],"author":[{"embeddable":true,"href":"https:\/\/blog.cancaonova.com\/curitiba\/wp-json\/wp\/v2\/users\/3161"}],"replies":[{"embeddable":true,"href":"https:\/\/blog.cancaonova.com\/curitiba\/wp-json\/wp\/v2\/comments?post=13774"}],"version-history":[{"count":46,"href":"https:\/\/blog.cancaonova.com\/curitiba\/wp-json\/wp\/v2\/pages\/13774\/revisions"}],"predecessor-version":[{"id":18235,"href":"https:\/\/blog.cancaonova.com\/curitiba\/wp-json\/wp\/v2\/pages\/13774\/revisions\/18235"}],"wp:attachment":[{"href":"https:\/\/blog.cancaonova.com\/curitiba\/wp-json\/wp\/v2\/media?parent=13774"}],"curies":[{"name":"wp","href":"https:\/\/api.w.org\/{rel}","templated":true}]}}