{"id":111,"date":"2008-02-04T00:47:25","date_gmt":"2008-02-04T02:47:25","guid":{"rendered":"http:\/\/blog.cancaonova.com\/drnasser\/dr-nasser-medico-de-homens-e-de-almas\/"},"modified":"2008-12-21T11:09:07","modified_gmt":"2008-12-21T13:09:07","slug":"dr-nasser-medico-de-homens-e-de-almas","status":"publish","type":"page","link":"https:\/\/blog.cancaonova.com\/drnasser\/dr-nasser-medico-de-homens-e-de-almas\/","title":{"rendered":"Dr Nasser M\u00e9dico de Homens e de Almas"},"content":{"rendered":"<p>\u00a0<a title=\"nasserperfilmedco.jpg\" href=\"http:\/\/blog.cancaonova.com\/drnasser\/files\/2008\/02\/nasserperfilmedco.jpg\"><img decoding=\"async\" src=\"http:\/\/blog.cancaonova.com\/drnasser\/files\/2008\/02\/nasserperfilmedco.jpg\" alt=\"nasserperfilmedco.jpg\" \/><\/a><\/p>\n<p>Entrevista de um testemunho<\/p>\n<p>&#8211; O que significou para voc\u00ea a express\u00e3o m\u00e9dico de homens e de almas?<\/p>\n<p>&#8211; Esta \u00e9 a hist\u00f3ria do meu chamado para ser m\u00e9dico. Eu ainda no segundo grau, hoje ensino m\u00e9dio me deparei com uma obra muita conhecida sobre a vida de S\u00e3o Lucas que tinha este t\u00edtulo da Taylor Caldwell. Claro que h\u00e1 um certo clima rom\u00e2ntico, mas foi um livro que me chamou para ser e reviver Lucas de novo, Lucano, o grego, o preferido de Tib\u00e9rio C\u00e9sar, aquele que nunca viu Jesus mas o conheceu atrav\u00e9s dos ap\u00f3stolos e de Paulo, que dizia Viver Cristo. Toda a sua vida e toda a sua hist\u00f3ria me marcaram muito e eu decidi por ser m\u00e9dico, por lutar at\u00e9 o \u00faltimo pelas vidas preciosas.<\/p>\n<p>&#8211; Qual \u00e9 a semelhan\u00e7a do m\u00e9dico Lucano e o Nasser?<\/p>\n<p>&#8211; N\u00f3s ficamos muito tempo sendo m\u00e9dico de homens. N\u00e3o t\u00ednhamos no\u00e7\u00e3o de que Deus operava atrav\u00e9s de n\u00f3s milagres e prod\u00edgios extraordin\u00e1rios. \u00c9ramos cegos que n\u00e3o viam as maravilhas de um Deus vivo. Sab\u00edamos que Deus existia mas n\u00e3o t\u00ednhamos a experi\u00eancia de que Ele est\u00e1 no meio de n\u00f3s. Cresc\u00edamos na Soberba e no orgulho que a cada vit\u00f3ria sobre a morte para n\u00f3s era mais interven\u00e7\u00e3o nossa do que qualquer a\u00e7\u00e3o maior divina.<\/p>\n<p>&#8211; Qual a diferen\u00e7a entre voc\u00eas dois?<\/p>\n<p>&#8211; Ele lutou contra morte com todas as suas for\u00e7as pois perdera para a morte seus amores. At\u00e9 encontrar Jesus em suas testemunhas que anunciavam a vit\u00f3ria sobre a morte, pela ressurrei\u00e7\u00e3o de Jesus, e dos milagres e prod\u00edgios que ele testemunhava por ser m\u00e9dico, conhecer as doen\u00e7as, conhecer o imposs\u00edvel nas curas e ver de perto a gl\u00f3ria de Deus. Eu lutava contra a morte, mas sempre tive a f\u00e9 cat\u00f3lica. Fiz toda a minha forma\u00e7\u00e3o at\u00e9 o Crisma mas depois que vim para o Rio, fiquei no deserto, apenas frequentando missas e fazendo minha ora\u00e7\u00e3o di\u00e1ria. Mas diante da morte e do sofrimento eu me doava, mas n\u00e3o mudava com as minhas palavras nem meus atos a vida de ningu\u00e9m, faltava em mim Jesus Cristo vivo. A minha vida foi perdendo o sentido, vivia por viver, barco a deriva, vivia de paix\u00f5es e emo\u00e7\u00f5es, longe da verdadeira alegria. Eu sempre fui um ser inquieto, n\u00e3o sabia o que era ter paz. Agitava com tudo, e queria saber sobre tudo. Meus conhecimentos sobre as coisas era enorme mas a minha falta de sabedoria e de autoconhecimento era enorme. A imaturidade reinava dentro de mim. Fui assim com minhas amizades, com meus relacionamentos amorosos, com minha sexualidade. Eu era muito doente interiormente, e jamais poderia ajudar algu\u00e9m a ser curado verdadeiramente. Um barco a deriva n\u00e3o \u00e9 porto seguro para ningu\u00e9m. N\u00e3o sei se Lucano era t\u00e3o inst\u00e1vel, talvez fosse sim, pois\u00a0ao perder seus queridos\u00a0ele ousou\u00a0desafiar Deus e lutar contra ele, um cora\u00e7\u00e3o ferido \u00e9 sempre muito perturbado.<\/p>\n<p>&#8211; Como foi a sua convers\u00e3o?<\/p>\n<p>&#8211; Eu estava atendendo uma senhora, seu nome\u00a0\u00e9 Celeste. Veio realmente do c\u00e9u. Ao final ela me perguntou se eu ouvia o programa na r\u00e1dio catedral com a\u00a0Can\u00e7\u00e3o Nova, o ter\u00e7o da miseric\u00f3rdia. Que eu deveria ouvir. Eu at\u00e9 disse a ela que uns amigos\u00a0haviam me dito sobre a\u00a0Can\u00e7\u00e3o Nova, sobre a m\u00fasica, o fundador, Padre Jonas, muitos programas, mas eu\u00a0n\u00e3o via, n\u00e3o tinha na minha tv enfim, ouvia, via alguma coisa na casa deles e pronto. Mas quando ela me falou sobre isto eu resolvi ouvir, o Deus \u00e9 Dez de manh\u00e3 e o ter\u00e7o a tarde quando eu estava dirigindo. E foi com este programa que uma chama dentro de mim come\u00e7ou a erguer. Logo depois eu fui ao grupo de ora\u00e7\u00e3o da Bom Pastor e numa ora\u00e7\u00e3o de poder eu senti Jesus\u00a0passar as m\u00e3os sobre os meus parcos cabelos. Logo em seguida comecei a buscar livros, CDs cat\u00f3licos das m\u00fasicas que eu ouvia na r\u00e1dio.\u00a0Logo em seguida\u00a0comecei a ouvir falar na Toca de Assis e perguntei a uma amiga como\u00a0que eu poderia ajudar a Toca a cuidar dos irm\u00e3os de rua. E assim ao atravessar o meu hospital dei de cara com dois\u00a0toqueiros que eram os ministros \u00a0aqui do Rio e regi\u00e3o e eles me convidaram para conhecer a obra. Eu combinei de deixar rem\u00e9dios para eles no dia seguinte. Ao mesmo tempo que crescia dentro de mim uma necessidade de conhecer a Can\u00e7\u00e3o Nova mais de perto. E foi numa seq\u00fc\u00eancia eu dirijindo para um hospital e de repente uma vontade enorme de entrar numa igreja. Ao entrar fiquei diante do Sant\u00edssimo, pois \u00e9 um Santu\u00e1rio de Adora\u00e7\u00e3o, e uma voz dentro de mim dizia: &#8211; Sai logo e entra no port\u00e3o anexo. Quando dei por mim me achei dentro da Casa de Miss\u00e3o da Can\u00e7\u00e3o Nova do Rio. M\u00f4nica, uma consagrada me atendeu e me acolheu. Naquele dia ficamos 2 horas conversando. Ao final ela me deu o email do Eto e disse: &#8211;\u00a0Escreve para ele. Claro que o email estava errado. No domingo seguinte fui a um ch\u00e1 da Toca num pr\u00e9dio na Tijuca e conheci v\u00e1rios toqueiros entre eles Irm\u00e3o Tom\u00e1s. Este homem\u00a0 me fez conhecer Padre Pio e me falou muitas coisas sobre Padre Pio que me ascendeu o desejo de buscar toda a m\u00edstica que estava guardada dentro do meu cora\u00e7\u00e3o desde o dia em que eu em adora\u00e7\u00e3o de a\u00e7\u00e3o de gra\u00e7as em Pouso Alegre, quando eu passei no vestibular para uma federal, um prod\u00edgio, me perdi nas horas passando quase quatro horas sem me sentir que estava de joelhos. De repente eu comecei a descobrir atrav\u00e9s da vida dos santos que muita coisa que acontecia comigo tinha explica\u00e7\u00e3o e muitos compreendiam estas coisas. Bem, continuei tentando dizer para o Eto quem eu era, e como eu podia ajudar a Can\u00e7\u00e3o Nova. No in\u00edcio a gente fica pensando que tem muita coisa para ajudar, fazer caridade, mal sabia o que iria realmente acontecer. N\u00e3o conseguia resposta do Eto, e me envolvia com a Toca, indo visitar as casas, at\u00e9 um dia vencer todas as minhas barreiras e chegar at\u00e9 os irm\u00e3os acolhidos de Madureira. Fazendo limpeza nas feridas deles, convivendo com os sofredores, parecia que minhas feridas \u00e9 que estavam sendo expostas. Uma religiosa foi me dirigindo em leituras de forma\u00e7\u00e3o ( O C\u00e9u come\u00e7a em voc\u00ea, o Di\u00e1logo de Santa Catarina de Sena, Jesus est\u00e1 vivo, Filot\u00e9ia, Espiritualidade a partir de si mesma, todos os livros sobre o Padre Pio em portugu\u00eas, e muitos do Padre L\u00e9o, Padre Jonas, Dom Cipriano e outros ). Estas leituras me levaram de volta a Confiss\u00f5es, de Santo Agostinho, que agora eu lia como uma vis\u00e3o diferente, e foi a\u00ed que eu entendi a convers\u00e3o de S\u00e3o Lucas, pois para mim faltava algo que ele vira e que eu n\u00e3o entendia, mas agora eu vi com meus olhos&#8230;Eu vi Jesus! Enfim o Eto respondeu meu email atrav\u00e9s da Dra. Rizia, m\u00e9dica consagrada, hoje minha irm\u00e3. R\u00edzia eu marcamos um encontro em Cachoeira na ter\u00e7a pr\u00f3xima. Tudo certo, na segunda recebo uma liga\u00e7\u00e3o urgente da R\u00edzia cancelando o nosso encontro pois o Eto e ela estavam vindo para o Rio. Eu disse quando chegassem me ligasse, pois eu conhe\u00e7o os hospitais, alguns sou do corpo cl\u00ednico. Ela me liga na hora do almo\u00e7o e me diz: Estamos indo para o Pr\u00f3Card\u00edaco, pois o Eto precisa ser internado com urg\u00eancia. Eu respondi: Eu sou do Pr\u00f3Card\u00edaco, e eu tomarei conta dele l\u00e1. Apanhei-os em Copacabana e os levei para o meu hospital. O Eto estava com um problema coronariano e precisaria ser colocado um dilatador arterial. Ficaria internado por alguns dias. Bem, estes dias a Luzia, a Dra. R\u00edzia, o Zezinho, o Felipe ficaram hospedados na minha casa. E assim come\u00e7ou a nossa hist\u00f3ria de amor e de amizade que estava escrito desde a eternidade. O Eto e familia foram embora e eu recebi de presente uma missa da Toca com o Padre Roberto Lettieri, o fundador, \u00a0no Carmelo de Santa Teresa. Conheceria outro extraordin\u00e1rio amigo e intercessor naquele dia, e desde aqueles dias eu senti que poderia morrer a qualquer momento pois eu j\u00e1 havia visto o Senhor, e nada neste mundo seria mais importante na minha vida do que Ele, pois Ele teria feito em mim maravilhas. Quem se envergonhar de mim, eu me envergonharei dele&#8230;S\u00e3o as palavras que marcariam o meu cora\u00e7\u00e3o para sempre! Conheceria por telefone o Monsenhor Jonas Abib, mesma origem que a minha, somos maronitas. S\u00f3 de ouvir a voz do ent\u00e3o Padre Jonas me sentia sendo curado pelo pr\u00f3prio Jesus. Tantas coisas precisavam ser curadas, jamais entendi o quanto eu era ferido por dentro. O quanto me contaminei com as coisas do mundo, e o quanto a m\u00e3o de Deus esteve sempre comigo.<\/p>\n<p>Alguns anos antes de acontecer tudo isto, uma noite voltando de Petr\u00f3polis para o Rio eu fiquei s\u00f3 no meio da estrada, os raios cruzavam a estrada e uma escurid\u00e3o t\u00e3o absurda se postou sobre o lugar que era aterrorizadora. Eu ouvia uma voz que me dizia: Eu vou te matar&#8230;E a medida que eu acelerava eu me sentia sendo tragado para este abismo. Quando de repente uma verdadeira tormenta desabou sobre a estrada, eu perdi a vis\u00e3o de tudo, carros vindo na contram\u00e3o, verdadeiras cachoeiras cruzando a estrada, e logo ap\u00f3s uma curva havia um carro soterrado e \u00e1rvores caindo sobre a minha dire\u00e7\u00e3o, eu rodopiei meu carro, virei no sentido inverso e ao olhar para o clar\u00e3o atr\u00e1s de mim vi duas \u00e1rvores gigantescas se desabando sobre o que seria meu carro se eu n\u00e3o tivesse arrancado naquele segundo! Passei a noite inteira no posto de gasolina pr\u00f3ximo que quando cheguei parecia um lugar fantasma, sem luz e sem vida. Todos estavam refugiados da tempestade. Tempo depois fiquei sabendo quantos haviam sido mortos naquela noite. Esta \u00e9 a m\u00e3o de Deus te guiando e livrando do la\u00e7o do ca\u00e7ador.<\/p>\n<p>Conheci o Padre Jonas no ano novo seguinte uma semana ap\u00f3s tudo o que eu descrevi com o Eto e estive com ele depois na missa da Epifania. Uma semana depois ele me convidaria para ser o padrinho do Hospital Padre Pio na Can\u00e7\u00e3o Nova, celebrado a primeira missa no dia 25 de janeiro. Em junho do mesmo ano em viagem a It\u00e1lia para um congresso na Universidade Sacro Cuore, Gemelli, tive a gra\u00e7a de n\u00e3o s\u00f3 estar em Roma como ir a San Giovanni Rotondo passando pelo Gargano, Gruta de S\u00e3o Miguel Arcanjo e conhecer o Hospital Casa do Sollievo de la Soferenza( Casa do Al\u00edvio do Sofrimento ) constru\u00eddo por doa\u00e7\u00e3o pelo Padre Pio, e que est\u00e1 entre maiores hospitais da It\u00e1lia, onde n\u00e3o se cuida somente do corpo, mas tamb\u00e9m da alma dos enfermos. Tudo, tudo bem preparadinho pelo pr\u00f3prio S\u00e3o Padre Pio, que nos guiou me fazendo seu Filho Espiritual, o qual eu rogo todos os dias que interceda por mim, por minha fam\u00edlia e meus doentes. O S\u00e3o Padre Pio que \u00e9 o Padroeiro da Toca de Assis. O mesmo que dizia na inaugura\u00e7\u00e3o do hospital: M\u00e9dicos se n\u00e3o derem amor ao seus pacientes de nada servir\u00e3o seus rem\u00e9dios&#8221;.<\/p>\n<p>Ao mesmo tempo que tudo isto acontecia, eu j\u00e1 n\u00e3o atendia mais as pessoas passando pelas doen\u00e7as e parando na impessoalidade. Eu j\u00e1 tocava nas feridas verdadeiras, levava os pacientes \u00e0 uma nova convers\u00e3o. \u00c0 busca dos sacramentos que curam. Muitas vezes eu orei com os pacientes, pedi e pe\u00e7o at\u00e9 hoje quando o Senhor me determina o batismo no Esp\u00edrito Santo no final da consulta. Quantas curas e quantas liberta\u00e7\u00f5es eu tenho testemunhado desde que Jesus me chamou pelo meu nome&#8230;E disse junto aos p\u00e9s da imagem da Imaculada Concei\u00e7\u00e3o:&#8221;Este \u00e9 o meu filho muito amado, a quem pus toda a minha confian\u00e7a&#8221;. J\u00e1 n\u00e3o sou eu que vivo em mim,mas Cristo Jesus, o M\u00e9dico dos M\u00e9dicos, aquele que tira o pecado do mundo. Aquele que disse o que \u00e9 mais f\u00e1cil dizer, teus pecados est\u00e3o perdoados ou levanta toma a tua maca e anda. De repente eu me vi andando pelos hospitais do Rio de Janeiro aos CTIs, aos locais que eu sempre trabalhei mas nunca tinha rezado por ningu\u00e9m&#8230;E agora eu ia, at\u00e9 ver pacientes que tinham doen\u00e7as na minha especialidade mesmo, os colegas ficavam preocupados que eu iria tomar o doente deles, e ficavam impressionados como um m\u00e9dico poderia orar por um doente? E foi assim tempos depois, orando com o Padre Jonas por uma consagrada, que eu havia operado quase a coluna dela toda de escoliose, ao final da ora\u00e7\u00e3o o Padre disse: &#8211; Nasser, o Senhor est\u00e1 bem aqui, desde o in\u00edcio me ordenando que fa\u00e7a isto, a paciente j\u00e1 est\u00e1 curado, quanto a voc\u00ea em nome de Jesus eu derramo todo o meu \u00f3leo sobre suas m\u00e3os e as unjo, para que de hoje em diante seja como Samuel quando ungiu Davi, e Davi n\u00e3o sabia o que iria acontecer com ele&#8230;Receba em forma de consagra\u00e7\u00e3o o Minist\u00e9rio de Cura!<\/p>\n<p>&#8211; Voc\u00ea n\u00e3o sentiu medo?<\/p>\n<p>&#8211; Eu senti o ch\u00e3o sair, me senti bem Pedro. Mas logo depois a medida que o tempo foi passando e eu n\u00e3o tinha mais vergonha de rezar por ningu\u00e9m, e as pessoas come\u00e7avam a ser curadas perto de mim, atrav\u00e9s da ora\u00e7\u00e3o que n\u00f3s faz\u00edamos juntos e tudo come\u00e7ou a fluir, dirigido pelo Padre Jonas e orientado por todos os livros do Padre de Grandis, o qual eu tive pela gra\u00e7a no \u00faltimo abril de ficar um dia inteirinho com ele confirmando tudo aquilo que eu havia feito at\u00e9 ent\u00e3o. A quest\u00e3o \u00e9 finalmente eu descobri a mim mesmo, eu identifiquei o dom que Deus colocou em mim, eu perdi o medo de tudo, eu me deixei seduzir pelo meu Amor, ele adestrou minhas m\u00e3os para o combate e os meus dedos para a batalha, n\u00e3o h\u00e1 mais como voltar&#8230;Em janeiro de 2006 come\u00e7amos eu e o Dr Guido, m\u00e9dico tamb\u00e9m ministeriado em Cura e Liberta\u00e7\u00e3o o Grupo Padre Pio dos Profissionais de Sa\u00fade na Can\u00e7\u00e3o Nova do Rio de Janeiro. L\u00e1 se v\u00e3o dois anos de tantas maravilhas e agora o Guido parte rumo ao Sacerd\u00f3cio&#8230;Chamamos um ao outro de Paulo e Barnab\u00e9 ( primeiro porque meu primeiro nome \u00e9 Jos\u00e9 e segundo porque eu tenho fam\u00edlia e ele n\u00e3o ).<\/p>\n<p>&#8211; Qual a sua miss\u00e3o hoje?<\/p>\n<p>&#8211; Em Jesus \u00e9 sempre hoje&#8230;Atualiza\u00e7\u00e3o dos nossos dias. Estou preparando para outubro o Primeiro Congresso Brasileiro de M\u00e9dico de Homens e de Almas em Cachoeira Paulista. Continuo com o Grupo Ruah na Igreja Santa Margarida Maria, Fonte da Saudade, Lagoa, Rio de Janeiro, todas as segundas as vinte horas. Fa\u00e7o toda primeira Quarta Feira do M\u00eas na capela do Hospital Quinta D&#8217;or na hora da miseric\u00f3rida, 15hs, Ora\u00e7\u00e3o de Cura transmitida pela TV para todos os quartos, UTI, UCor, Emerg\u00eancia do hospital. J\u00e1 estou iniciando o terceiro livro a ser publicado pela Editora Can\u00e7\u00e3o Nova. Continuo na Organiza\u00e7\u00e3o do Retiro dos Profissionais de Sa\u00fade Anual na Can\u00e7\u00e3o Nova, Lavrinhas, que este\u00a0 ano anterior foi lotado e muito fecundo, levando v\u00e1rios grupos do Brasil a iniciarem os seus grupos Padre Pio dos Profissionais de Sa\u00fade. N\u00f3s fazemos na \u00faltima Quinta Feira do m\u00eas \u00e0s 19:30 na Casa de Miss\u00e3o da Can\u00e7\u00e3o Nova do Rio de Janeiro. Participo da Associa\u00e7\u00e3o dos M\u00e9dicos Cat\u00f3licos do Rio de Janeiro e do Debate Interreligioso com os Judeus e Mu\u00e7ulmanos.<\/p>\n<p>Os planos de Deus s\u00e3o sempre abundantes, eu sou um sonhador, e Arist\u00f3teles dizia que o homem vale pelo que ele sonha&#8230;Eu sou um sonhador, um inquieto em busca de cada vez fazer mais. Meu cora\u00e7\u00e3o repousou no Senhor, e desde ent\u00e3o a Paz se tornou uma realidade dentro de mim. Eu sempre digo o quanto hoje eu estudo e trabalho o interior das pessoas. Trabalho muito na cura na sexualidade, da afetividade e da busca do autoconhecimento e principalmente por uma mente curada e ordenada. Busco um projeto de Sa\u00fade Total, pois as pessoas hoje est\u00e3o muito doentes. Eu dou testemunho da minha vida. Eu teria dado muito trabalho a muitos terapeutas mas n\u00e3o conseguiria romper com todos os meus v\u00edcios e car\u00eancias que me acompanharam a vida toda. Hoje sou fruto da miseric\u00f3rdia mesmo, e quando um m\u00e9dico se converte para valer, Deus o capacita em Cura e Liberta\u00e7\u00e3o, pois n\u00f3s m\u00e9dicos s\u00f3 praticamos o nosso Dom se amarmos os Calv\u00e1rios da Humanidade, caso contr\u00e1rio vamos nos desfigurando a medida que os anos v\u00e3o passando e o nosso carisma vai sendo esvaziado. Deus me chamou para ser testemunho de que qualquer profissional de sa\u00fade pode ser ve\u00edculo de cura para os pacientes. Ele me chamou para evangelizar meus colegas, outros profissionais, mas tamb\u00e9m\u00a0 para evangelizar religiosos que apesar de estarem tanto tempo na Igreja, nunca viram Jesus Cristo vivo. Por isto que eu tanto prego pelo mundo, por onde eu vou, que primeiro a gente recebe o batismo do Esp\u00edrito Santo, depois a gente muda de vida&#8230;N\u00e3o merecemos nada disto, mas o Senhor que \u00e9 Rico em Miseric\u00f3rdia sonha todos os dias com os nosso Dons a servi\u00e7o pleno deste Reino ainda aqui na terra.<\/p>\n<p>&#8211; O que voc\u00ea receitaria a quem visitasse hoje seu blog e quisesse dar uma chance para Jesus na sua pr\u00f3pria vida?<\/p>\n<p>&#8211; Como disse Madre Teresa: O fruto do sil\u00eancio \u00e9 a ora\u00e7\u00e3o. A ora\u00e7\u00e3o leva a F\u00e9. A F\u00e9 leva a esperan\u00e7a&#8230;E a esperan\u00e7a n\u00e3o decepciona! A esperan\u00e7a alcan\u00e7a a Verdade&#8230;E Jesus disse: Eu sou o caminho, a Verdade e a Vida! Ao encontrarmos Jesus tudo que est\u00e1 morto em n\u00f3s revive&#8230;2Cor 5 &#8211; &#8220;Quem est\u00e1 em Jesus \u00e9 uma nova criatura, tudo o que \u00e9 velho passou&#8230;Eis que fa\u00e7o nova todas as coisas!&#8221;<\/p>\n<p>Encontrar Jesus \u00e9 ser Salvo, agora ap\u00f3s ser Salvo \u00e9 preciso caminhar para a Santidade&#8230;Deus nos fez sozinho mas n\u00e3o vai nos salvar sozinho n\u00e3o&#8230;Que fique bem claro&#8230;Ore todos os dias pelos Esp\u00edrito, fa\u00e7a o S\u00e3o Paulo ao Ef\u00e9sios 6-10 di\u00e1rio na sua vida&#8230;Reze o Santo Ter\u00e7o e aos poucos at\u00e9 chegar ao Ros\u00e1rio.V\u00e1 a missa diariamente se puder. Mantenha os Sacramentos em dia. Consagre a sua vida ao Sagrado Cora\u00e7\u00e3o de Jesus diariamente, e com \u00eanfase \u00e0s sextas feiras. Coloque sempre Jesus como o Centro da Sua Vida, tirando a Palavra de Deus todos os dias e rumine ela o dia inteiro. Tenha sempre um bom livro de forma\u00e7\u00e3o junto de voc\u00ea&#8230;O c\u00e9u come\u00e7a em voc\u00ea \u00e9 um bom come\u00e7o e Jesus est\u00e1 vivo do Padre Emiliano Tardif tamb\u00e9m&#8230;Quanto mais estiveres em ora\u00e7\u00e3o mais chance ter\u00e1 de n\u00e3o cair em tenta\u00e7\u00e3o&#8230;Experimente todos os dias meia hora com Jesus&#8230;Em sil\u00eancio longe dos barulhos do mundo&#8230;<\/p>\n<p>Profissional de Sa\u00fade : Venha fazer parte desta fam\u00edlia!<\/p>\n<p><a href=\"http:\/\/www.comunidadecn.com\/\">www.comunidadecn.com<\/a><\/p>\n<p>Profissionais da \u00c1rea de Sa\u00fade &#8211; A sua comunidade<\/p>\n<p><a title=\"fotogrupopadrepiodespedidaguidototal.jpg\" href=\"http:\/\/blog.cancaonova.com\/drnasser\/files\/2008\/02\/fotogrupopadrepiodespedidaguidototal.jpg\"><img decoding=\"async\" src=\"http:\/\/blog.cancaonova.com\/drnasser\/files\/2008\/02\/fotogrupopadrepiodespedidaguidototal.jpg\" alt=\"fotogrupopadrepiodespedidaguidototal.jpg\" \/><\/a><\/p>\n","protected":false},"excerpt":{"rendered":"<p>\u00a0 Entrevista de um testemunho &#8211; O que significou para voc\u00ea a express\u00e3o m\u00e9dico de homens e de almas? &#8211; Esta \u00e9 a hist\u00f3ria do meu chamado para ser m\u00e9dico. Eu ainda no segundo grau, hoje ensino m\u00e9dio me deparei&#8230;<\/p>\n","protected":false},"author":2501,"featured_media":0,"parent":0,"menu_order":3,"comment_status":"open","ping_status":"open","template":"","meta":{"_mi_skip_tracking":false,"_monsterinsights_sitenote_active":false,"_monsterinsights_sitenote_note":"","_monsterinsights_sitenote_category":0,"footnotes":""},"_links":{"self":[{"href":"https:\/\/blog.cancaonova.com\/drnasser\/wp-json\/wp\/v2\/pages\/111"}],"collection":[{"href":"https:\/\/blog.cancaonova.com\/drnasser\/wp-json\/wp\/v2\/pages"}],"about":[{"href":"https:\/\/blog.cancaonova.com\/drnasser\/wp-json\/wp\/v2\/types\/page"}],"author":[{"embeddable":true,"href":"https:\/\/blog.cancaonova.com\/drnasser\/wp-json\/wp\/v2\/users\/2501"}],"replies":[{"embeddable":true,"href":"https:\/\/blog.cancaonova.com\/drnasser\/wp-json\/wp\/v2\/comments?post=111"}],"version-history":[{"count":1,"href":"https:\/\/blog.cancaonova.com\/drnasser\/wp-json\/wp\/v2\/pages\/111\/revisions"}],"predecessor-version":[{"id":492,"href":"https:\/\/blog.cancaonova.com\/drnasser\/wp-json\/wp\/v2\/pages\/111\/revisions\/492"}],"wp:attachment":[{"href":"https:\/\/blog.cancaonova.com\/drnasser\/wp-json\/wp\/v2\/media?parent=111"}],"curies":[{"name":"wp","href":"https:\/\/api.w.org\/{rel}","templated":true}]}}