{"id":9462,"date":"2016-01-28T15:58:55","date_gmt":"2016-01-28T17:58:55","guid":{"rendered":"http:\/\/blog.cancaonova.com\/riodejaneiro\/?page_id=9462"},"modified":"2025-04-16T10:22:20","modified_gmt":"2025-04-16T13:22:20","slug":"atividades-da-missao","status":"publish","type":"page","link":"https:\/\/blog.cancaonova.com\/riodejaneiro\/atividades-da-missao\/","title":{"rendered":"Casa de Evangeliza\u00e7\u00e3o"},"content":{"rendered":"<h3><a href=\"http:\/\/blog.cancaonova.com\/riodejaneiro\/files\/2025\/04\/Black-and-Blue-Modern-Church-Announcement-Instagram-Story-Banner-para-YouTube-3.jpg\"><img loading=\"lazy\" decoding=\"async\" class=\"aligncenter wp-image-11109 size-large\" src=\"http:\/\/blog.cancaonova.com\/riodejaneiro\/files\/2025\/04\/Black-and-Blue-Modern-Church-Announcement-Instagram-Story-Banner-para-YouTube-3-600x300.jpg\" alt=\"\" width=\"600\" height=\"300\" srcset=\"https:\/\/blog.cancaonova.com\/riodejaneiro\/files\/2025\/04\/Black-and-Blue-Modern-Church-Announcement-Instagram-Story-Banner-para-YouTube-3-600x300.jpg 600w, https:\/\/blog.cancaonova.com\/riodejaneiro\/files\/2025\/04\/Black-and-Blue-Modern-Church-Announcement-Instagram-Story-Banner-para-YouTube-3-300x150.jpg 300w, https:\/\/blog.cancaonova.com\/riodejaneiro\/files\/2025\/04\/Black-and-Blue-Modern-Church-Announcement-Instagram-Story-Banner-para-YouTube-3-150x75.jpg 150w\" sizes=\"(max-width: 600px) 100vw, 600px\" \/><\/a><\/h3>\n<p>&nbsp;<\/p>\n<p><span style=\"font-family: Arial, sans-serif\"><span style=\"font-size: large\">Confira a programa\u00e7\u00e3o semanal e mensal da Casa de Evangeliza\u00e7\u00e3o da Can\u00e7\u00e3o Nova no Rio de Janeiro.<\/span><\/span><\/p>\n<p><span style=\"font-family: Arial, sans-serif\"><span style=\"font-size: large\"><strong>TER\u00c7A-FEIRA<\/strong><\/span><\/span><\/p>\n<p><span style=\"font-family: Arial, sans-serif\"><span style=\"font-size: large\"><strong>12h15<\/strong> &#8211; Santa Missa Votiva a S\u00e3o Miguel Arcanjo<\/span><\/span><\/p>\n<p><span style=\"font-family: Arial, sans-serif\"><span style=\"font-size: large\"><strong>14h30 \u00e0s 17h<\/strong>&#8211; Grupo de Ora\u00e7\u00e3o por Cura e Liberta\u00e7\u00e3o S\u00e3o Miguel Arcanjo<\/span><\/span><\/p>\n<p>&nbsp;<\/p>\n<p><span style=\"font-family: Arial, sans-serif\"><span style=\"font-size: large\"><strong>QUARTA-FEIRA<\/strong><\/span><\/span><\/p>\n<p><span style=\"font-family: Arial, sans-serif\"><span style=\"font-size: large\"><strong>12h15<\/strong> &#8211; Santa Missa Votiva a S\u00e3o Jos\u00e9<\/span><\/span><\/p>\n<p><span style=\"font-family: Arial, sans-serif\"><span style=\"font-size: large\"><strong>14h30 \u00e0s 16h30<\/strong> &#8211; SOS Atendimento de Ora\u00e7\u00e3o<\/span><\/span><\/p>\n<p><span style=\"font-family: Arial, sans-serif\"><span style=\"font-size: large\"><strong>19h<\/strong> &#8211; Grupo de Ora\u00e7\u00e3o Can\u00e7\u00e3o Nova na Par\u00f3quia Sagrado Cora\u00e7\u00e3o de Jesus no M\u00e9ier.<\/span><\/span><\/p>\n<p><span style=\"font-family: Arial, sans-serif\"><span style=\"font-size: large\"><strong>1\u00aa Quarta do m\u00eas \u00e0s 19h<\/strong> \u2013 Missa da Fam\u00edlia Can\u00e7\u00e3o Nova na Par\u00f3quia Sagrado Cora\u00e7\u00e3o de Jesus no M\u00e9ier.<\/span><\/span><\/p>\n<p>&nbsp;<\/p>\n<p><span style=\"font-family: Arial, sans-serif\"><span style=\"font-size: large\"><strong>QUINTA-FEIRA\u00a0<\/strong><\/span><\/span><\/p>\n<p><span style=\"font-family: Arial, sans-serif\"><span style=\"font-size: large\"><strong>9h \u00e0s 12h &#8211; <\/strong>Adora\u00e7\u00e3o ao Sant\u00edssimo Sacramento na Capela\u00a0<\/span><\/span><\/p>\n<p><span style=\"font-family: Arial, sans-serif\"><span style=\"font-size: large\"><strong>12h15<\/strong> &#8211; Missa da Gra\u00e7a<\/span><\/span><\/p>\n<p><span style=\"font-family: Arial, sans-serif\"><span style=\"font-size: large\"><strong>13h \u00e0s 15h<\/strong> &#8211; Adora\u00e7\u00e3o ao Sant\u00edssimo Sacramento na Casa de Evangeliza\u00e7\u00e3o<\/span><\/span><\/p>\n<p><span style=\"font-family: Arial, sans-serif\"><span style=\"font-size: large\"><strong>14h30 \u00e0s 16h30<\/strong> &#8211; Confiss\u00f5es<\/span><\/span><\/p>\n<p><span style=\"font-family: Arial, sans-serif\"><span style=\"font-size: large\"><strong>15h \u00e0s 16h30<\/strong> &#8211; Ter\u00e7o da Miseric\u00f3rdia e Ora\u00e7\u00e3o de Cura Interior<\/span><\/span><\/p>\n<p>&nbsp;<\/p>\n<p><span style=\"font-family: Arial, sans-serif\"><span style=\"font-size: large\"><strong>SEXTA-FEIRA<\/strong><\/span><\/span><\/p>\n<p><span style=\"font-family: Arial, sans-serif\"><span style=\"font-size: large\"><strong>1\u00aa Sexta do m\u00eas \u00e0s 9h \u2013 <\/strong>Ora\u00e7\u00e3o das Mil Ave-Marias na Capela.<\/span><\/span><\/p>\n<p><span style=\"font-family: Arial, sans-serif\"><span style=\"font-size: large\"><strong>*Programa\u00e7\u00e3o sujeita a altera\u00e7\u00f5es sem aviso pr\u00e9vio. <\/strong><\/span><\/span><\/p>\n<p>&nbsp;<\/p>\n<p><span style=\"font-family: Arial, sans-serif\"><span style=\"font-size: large\">A Casa de Evangeliza\u00e7\u00e3o da Can\u00e7\u00e3o Nova fica: <\/span><\/span><\/p>\n<p><span style=\"font-family: Arial, sans-serif\"><span style=\"font-size: large\">Avenida Marechal Floriano, 191 &#8211; Centro Pontos de refer\u00eancia: Light Empresa de distribui\u00e7\u00e3o de energia el\u00e9trica Metr\u00f4 &#8211; Esta\u00e7\u00e3o Saara Presidente Vargas.<\/span><\/span><\/p>\n","protected":false},"excerpt":{"rendered":"<p>&nbsp; Confira a programa\u00e7\u00e3o semanal e mensal da Casa de Evangeliza\u00e7\u00e3o da Can\u00e7\u00e3o Nova no Rio de Janeiro. TER\u00c7A-FEIRA 12h15 &#8211; Santa Missa Votiva a S\u00e3o Miguel Arcanjo 14h30 \u00e0s 17h&#8211; Grupo de Ora\u00e7\u00e3o por Cura e Liberta\u00e7\u00e3o S\u00e3o Miguel&#8230;<\/p>\n","protected":false},"author":511,"featured_media":0,"parent":0,"menu_order":0,"comment_status":"closed","ping_status":"closed","template":"","meta":{"_mi_skip_tracking":false,"_monsterinsights_sitenote_active":false,"_monsterinsights_sitenote_note":"","_monsterinsights_sitenote_category":0,"footnotes":""},"_links":{"self":[{"href":"https:\/\/blog.cancaonova.com\/riodejaneiro\/wp-json\/wp\/v2\/pages\/9462"}],"collection":[{"href":"https:\/\/blog.cancaonova.com\/riodejaneiro\/wp-json\/wp\/v2\/pages"}],"about":[{"href":"https:\/\/blog.cancaonova.com\/riodejaneiro\/wp-json\/wp\/v2\/types\/page"}],"author":[{"embeddable":true,"href":"https:\/\/blog.cancaonova.com\/riodejaneiro\/wp-json\/wp\/v2\/users\/511"}],"replies":[{"embeddable":true,"href":"https:\/\/blog.cancaonova.com\/riodejaneiro\/wp-json\/wp\/v2\/comments?post=9462"}],"version-history":[{"count":24,"href":"https:\/\/blog.cancaonova.com\/riodejaneiro\/wp-json\/wp\/v2\/pages\/9462\/revisions"}],"predecessor-version":[{"id":11114,"href":"https:\/\/blog.cancaonova.com\/riodejaneiro\/wp-json\/wp\/v2\/pages\/9462\/revisions\/11114"}],"wp:attachment":[{"href":"https:\/\/blog.cancaonova.com\/riodejaneiro\/wp-json\/wp\/v2\/media?parent=9462"}],"curies":[{"name":"wp","href":"https:\/\/api.w.org\/{rel}","templated":true}]}}